{"id":254,"date":"2022-11-29T15:12:06","date_gmt":"2022-11-29T14:12:06","guid":{"rendered":"https:\/\/ehpad-mandelieu.fr\/?page_id=254"},"modified":"2022-11-29T16:03:58","modified_gmt":"2022-11-29T15:03:58","slug":"pole-dactivite-et-de-soins-adapte-pasa","status":"publish","type":"page","link":"https:\/\/ehpad-mandelieu.fr\/index.php\/le-projet-de-floribunda\/pole-dactivite-et-de-soins-adapte-pasa\/","title":{"rendered":"P\u00f4le d\u2019Activit\u00e9 et de Soins Adapt\u00e9 (PASA)"},"content":{"rendered":"\n<figure class=\"wp-block-image size-large\"><img loading=\"lazy\" decoding=\"async\" width=\"1024\" height=\"356\" src=\"https:\/\/ehpad-mandelieu.fr\/wp-content\/uploads\/2022\/11\/pasa_floribunda-1024x356.jpg\" alt=\"\" class=\"wp-image-259\" srcset=\"https:\/\/ehpad-mandelieu.fr\/wp-content\/uploads\/2022\/11\/pasa_floribunda-1024x356.jpg 1024w, https:\/\/ehpad-mandelieu.fr\/wp-content\/uploads\/2022\/11\/pasa_floribunda-300x104.jpg 300w, https:\/\/ehpad-mandelieu.fr\/wp-content\/uploads\/2022\/11\/pasa_floribunda-768x267.jpg 768w, https:\/\/ehpad-mandelieu.fr\/wp-content\/uploads\/2022\/11\/pasa_floribunda-150x52.jpg 150w, https:\/\/ehpad-mandelieu.fr\/wp-content\/uploads\/2022\/11\/pasa_floribunda.jpg 1180w\" sizes=\"auto, (max-width: 1024px) 100vw, 1024px\" \/><figcaption class=\"wp-element-caption\">PASA Floribunda<\/figcaption><\/figure>\n\n\n\n<p><\/p>\n\n\n\n<p>En 2014, l\u2019\u00e9tablissement est autoris\u00e9 par l\u2019ARS (Agence R\u00e9gionale de Sant\u00e9) \u00e0 disposer d\u2019un P\u00f4le d\u2019Activit\u00e9 et de Soins Adapt\u00e9 de 14 places. Le PASA est un lieu de vie au sein duquel sont organis\u00e9es et propos\u00e9es durant la journ\u00e9e, des activit\u00e9s sociales et th\u00e9rapeutiques aux r\u00e9sidents de l\u2019EHPAD \u00ab FLoribunda \u00bb ayant des troubles du comportement mod\u00e9r\u00e9s.<br>Ce p\u00f4le est ouvert du lundi au vendredi de 10h \u00e0 16h30. Toute personne r\u00e9pondant aux crit\u00e8res d\u2019admission au PASA peut b\u00e9n\u00e9ficier d\u2019un \u00e0 plusieurs jours par semaine d\u2019activit\u00e9s et de soins adapt\u00e9s.<br>Les objectifs du PASA sont multiples, les activit\u00e9s individuelles ou collectives concourent :<\/p>\n\n\n\n<ul class=\"wp-block-list\">\n<li>Au maintien ou \u00e0 la r\u00e9habilitation des capacit\u00e9s fonctionnelles restantes (psychomotricit\u00e9, ergoth\u00e9rapie, cuisine, activit\u00e9s physiques, activit\u00e9 jardinage, activit\u00e9s manuelles, jeux d\u2019adresse\u2026)<\/li>\n\n\n\n<li>Au maintien ou \u00e0 la r\u00e9habilitation des fonctions cognitives restantes (activit\u00e9s m\u00e9moire, activit\u00e9s cognitives, jeux de soci\u00e9t\u00e9, \u2026)<\/li>\n\n\n\n<li>A la mobilisation des fonctions sensorielles (stimulation, atelier beaut\u00e9, borne musicale\u2026)<\/li>\n\n\n\n<li>Au maintien du lien social des r\u00e9sidents (repas, atelier d\u2019art th\u00e9rapie, groupes, \u2026)<\/li>\n\n\n\n<li>A la diminution de la prise de th\u00e9rapeutiques m\u00e9dicamenteuses.<\/li>\n<\/ul>\n\n\n\n<h2 class=\"wp-block-heading\">Un environnement architectural adapt\u00e9<\/h2>\n\n\n\n<p>Les locaux du PASA ont \u00e9t\u00e9 con\u00e7us sp\u00e9cifiquement pour l\u2019activit\u00e9. Le PASA situ\u00e9 au rez-de-chauss\u00e9e est accessible depuis le restaurant de l\u2019EHPAD.<br>Sa conception architecturale favorise un environnement convivial et non institutionnel de fa\u00e7on \u00e0 prot\u00e9ger le bien-\u00eatre \u00e9motionnel, r\u00e9duire l\u2019agitation et l\u2019agressivit\u00e9 des r\u00e9sidents.<br>Elle prend en compte la n\u00e9cessit\u00e9 de cr\u00e9er un environnement qui ne produise pas de sur-stimulations sensorielles excessives pouvant \u00eatre g\u00e9n\u00e9ratrices de troubles psychologiques et comportementaux.<\/p>\n\n\n\n<h2 class=\"wp-block-heading\">Les activit\u00e9s propos\u00e9es<\/h2>\n\n\n\n<p>Les activit\u00e9s sont r\u00e9guli\u00e8res, et fix\u00e9s sur un planning hebdomadaire du lundi au vendredi, elles donnent ainsi des rep\u00e8res, elles permettent de limiter les troubles du comportement durant les activit\u00e9s. Le programme d\u2019activit\u00e9s est \u00e9labor\u00e9 par l\u2019assistante de soins en g\u00e9rontologie, l\u2019ergoth\u00e9rapeute, en lien avec l\u2019IDEC, la psychologue et le m\u00e9decin coordonnateur. Ce programme s\u2019int\u00e8gre dans le projet de vie de la personne au sein de l\u2019\u00e9tablissement. <\/p>\n\n\n\n<p><br><strong>Les ateliers \u00e0 vis\u00e9e th\u00e9rapeutique sont anim\u00e9s par :<\/strong><\/p>\n\n\n\n<ul class=\"wp-block-list\">\n<li>L\u2019ASH : accueil \u00ab cause caf\u00e9 \u00bb, lecture du journal<\/li>\n\n\n\n<li>L\u2019ASG : atelier des sens, atelier manuel, jeux de soci\u00e9t\u00e9, gym douce, atelier cognitif, \u2026<\/li>\n\n\n\n<li>La psychologue : atelier cognitif 1 fois par semaine, atelier m\u00e9diation artistique (\u00e9coute musicale) 1 fois par semaine<\/li>\n\n\n\n<li>L\u2019ergoth\u00e9rapeute : atelier culinaire 1 fois par semaine<\/li>\n\n\n\n<li>Le zooth\u00e9rapeute : atelier m\u00e9diation animale 1 semaine sur deux<\/li>\n\n\n\n<li>L\u2019\u00e9ducateur sportif : atelier gym cognitive 1 fois par semaine<\/li>\n<\/ul>\n","protected":false},"excerpt":{"rendered":"<p>En 2014, l\u2019\u00e9tablissement est autoris\u00e9 par l\u2019ARS (Agence R\u00e9gionale de Sant\u00e9) \u00e0 disposer d\u2019un P\u00f4le d\u2019Activit\u00e9 et de Soins Adapt\u00e9 de 14 places. Le PASA est un lieu de vie au sein duquel sont organis\u00e9es et propos\u00e9es durant la journ\u00e9e, des activit\u00e9s sociales et th\u00e9rapeutiques aux r\u00e9sidents de l\u2019EHPAD \u00ab&#8230;<\/p>\n<p class=\"continue-reading-button\"> <a class=\"continue-reading-link\" href=\"https:\/\/ehpad-mandelieu.fr\/index.php\/le-projet-de-floribunda\/pole-dactivite-et-de-soins-adapte-pasa\/\">Continue reading<i class=\"crycon-right-dir\"><\/i><\/a><\/p>\n","protected":false},"author":1,"featured_media":0,"parent":28,"menu_order":0,"comment_status":"closed","ping_status":"closed","template":"","meta":{"footnotes":""},"class_list":["post-254","page","type-page","status-publish","hentry"],"_links":{"self":[{"href":"https:\/\/ehpad-mandelieu.fr\/index.php\/wp-json\/wp\/v2\/pages\/254","targetHints":{"allow":["GET"]}}],"collection":[{"href":"https:\/\/ehpad-mandelieu.fr\/index.php\/wp-json\/wp\/v2\/pages"}],"about":[{"href":"https:\/\/ehpad-mandelieu.fr\/index.php\/wp-json\/wp\/v2\/types\/page"}],"author":[{"embeddable":true,"href":"https:\/\/ehpad-mandelieu.fr\/index.php\/wp-json\/wp\/v2\/users\/1"}],"replies":[{"embeddable":true,"href":"https:\/\/ehpad-mandelieu.fr\/index.php\/wp-json\/wp\/v2\/comments?post=254"}],"version-history":[{"count":3,"href":"https:\/\/ehpad-mandelieu.fr\/index.php\/wp-json\/wp\/v2\/pages\/254\/revisions"}],"predecessor-version":[{"id":267,"href":"https:\/\/ehpad-mandelieu.fr\/index.php\/wp-json\/wp\/v2\/pages\/254\/revisions\/267"}],"up":[{"embeddable":true,"href":"https:\/\/ehpad-mandelieu.fr\/index.php\/wp-json\/wp\/v2\/pages\/28"}],"wp:attachment":[{"href":"https:\/\/ehpad-mandelieu.fr\/index.php\/wp-json\/wp\/v2\/media?parent=254"}],"curies":[{"name":"wp","href":"https:\/\/api.w.org\/{rel}","templated":true}]}}