{"id":28,"date":"2022-09-02T15:42:26","date_gmt":"2022-09-02T13:42:26","guid":{"rendered":"https:\/\/ehpad-mandelieu.fr\/?page_id=28"},"modified":"2022-11-29T15:29:53","modified_gmt":"2022-11-29T14:29:53","slug":"le-projet-de-floribunda","status":"publish","type":"page","link":"https:\/\/ehpad-mandelieu.fr\/index.php\/le-projet-de-floribunda\/","title":{"rendered":"Le projet de Floribunda"},"content":{"rendered":"\n<figure class=\"wp-block-image size-large\"><img loading=\"lazy\" decoding=\"async\" width=\"1024\" height=\"356\" src=\"https:\/\/ehpad-mandelieu.fr\/wp-content\/uploads\/2022\/10\/floribunda_mandelieu-1024x356.jpg\" alt=\"\" class=\"wp-image-96\" srcset=\"https:\/\/ehpad-mandelieu.fr\/wp-content\/uploads\/2022\/10\/floribunda_mandelieu-1024x356.jpg 1024w, https:\/\/ehpad-mandelieu.fr\/wp-content\/uploads\/2022\/10\/floribunda_mandelieu-300x104.jpg 300w, https:\/\/ehpad-mandelieu.fr\/wp-content\/uploads\/2022\/10\/floribunda_mandelieu-768x267.jpg 768w, https:\/\/ehpad-mandelieu.fr\/wp-content\/uploads\/2022\/10\/floribunda_mandelieu-150x52.jpg 150w, https:\/\/ehpad-mandelieu.fr\/wp-content\/uploads\/2022\/10\/floribunda_mandelieu.jpg 1180w\" sizes=\"auto, (max-width: 1024px) 100vw, 1024px\" \/><\/figure>\n\n\n\n<p><\/p>\n\n\n\n<h3 class=\"wp-block-heading\">Le projet d\u2019accompagnement personnalis\u00e9<\/h3>\n\n\n\n<p>Chaque r\u00e9sident a des besoins et attentes sp\u00e9cifiques, un projet personnalis\u00e9 d\u2019accompagnement est \u00e9labor\u00e9 au bout de 3 mois apr\u00e8s son entr\u00e9e, prenant en compte ses habitudes de vie, son parcours de vie. Durant ces premiers mois, avant la r\u00e9alisation du projet personnalis\u00e9, des r\u00e9ajustements de l\u2019accompagnement se font au fil du temps.<\/p>\n\n\n\n<p>La psychologue est la r\u00e9f\u00e9rente de la construction et du suivi des projets personnalis\u00e9s. Le projet personnalis\u00e9 se fait en plusieurs \u00e9tapes : <\/p>\n\n\n\n<ul class=\"wp-block-list\">\n<li>Le recueil d\u2019informations<\/li>\n\n\n\n<li>La co-construction du projet personnalis\u00e9 d\u2019accompagnement<\/li>\n\n\n\n<li>La consultation du r\u00e9sident et de son entourage<\/li>\n\n\n\n<li>La mise en place du projet d\u2019accompagnement personnalis\u00e9<\/li>\n\n\n\n<li>La r\u00e9\u00e9valuation du projet d\u2019accompagnement personnalis\u00e9<\/li>\n<\/ul>\n\n\n\n<h3 class=\"wp-block-heading\"><br>Le projet d\u2019\u00e9tablissement et ses objectifs <\/h3>\n\n\n\n<p>Le projet de soins a \u00e9t\u00e9 \u00e9labor\u00e9 par le m\u00e9decin coordonnateur, avec la collaboration de l\u2019IDEC.<br>Les objectifs du projet de soins sont d\u2019\u00e9mettre des pistes de r\u00e9flexion et de proposer des actions d\u2019am\u00e9lioration du soin.<br>L\u2019\u00e9laboration du projet de soins engage les personnels dans les actions projet\u00e9es.<br>Le projet de soins repose sur l\u2019organisation des soins, la coordination des intervenants autour du R\u00e9sident. Le projet de soins institutionnel doit tenir compte des projets de soins individualis\u00e9s.<\/p>\n\n\n\n<p><strong>Rappel des missions du p\u00f4le soins de l\u2019EHPAD :<\/strong><br>Soigner et prendre soin, assure le bien-\u00eatre des r\u00e9sidents, assurer leur s\u00e9curit\u00e9, maintenir leur qualit\u00e9 de vie.<br><strong>L\u2019organisation des soins : <\/strong><br>Son objectif est d\u2019assurer la permanence des soins et le suivi m\u00e9dical de la population.<\/p>\n\n\n\n<p>La prise en charge quotidienne est assur\u00e9e par les IDE pr\u00e9sentes tous les jours de 7H \u00e0 19H et les aides-soignants pr\u00e9sents de jour comme de nuit.<br>Les m\u00e9decins g\u00e9n\u00e9ralistes interviennent sur appel des IDE pour le suivi m\u00e9dical, pour le renouvellement d\u2019ordonnance, pour tout \u00e9v\u00e8nement m\u00e9dical intercurrent, et en cas d\u2019urgence. Le r\u00e9sident a le libre choix de son m\u00e9decin traitant.<\/p>\n\n\n\n<p><\/p>\n\n\n\n<p><br><\/p>\n\n\n\n<div class=\"wp-block-buttons background-color: #d1ab5a; is-layout-flex wp-block-buttons-is-layout-flex\">\n<div class=\"wp-block-button aligncenter\"><a class=\"wp-block-button__link wp-element-button\" href=\"https:\/\/ehpad-mandelieu.fr\/index.php\/laccompagnement-psychologique\/\">L\u2019accompagnement psychologique (r\u00e9sidents et familles)<\/a><\/div>\n<\/div>\n\n\n\n<div style=\"height:9px\" aria-hidden=\"true\" class=\"wp-block-spacer\"><\/div>\n\n\n\n<div class=\"wp-block-buttons is-content-justification-center is-layout-flex wp-container-core-buttons-is-layout-16018d1d wp-block-buttons-is-layout-flex\">\n<div class=\"wp-block-button\"><a class=\"wp-block-button__link wp-element-button\" href=\"https:\/\/ehpad-mandelieu.fr\/index.php\/pole-dactivite-et-de-soins-adapte-pasa\/\">P\u00f4le d\u2019Activit\u00e9 et de Soins Adapt\u00e9 (PASA)<\/a><\/div>\n<\/div>\n","protected":false},"excerpt":{"rendered":"<p>Le projet d\u2019accompagnement personnalis\u00e9 Chaque r\u00e9sident a des besoins et attentes sp\u00e9cifiques, un projet personnalis\u00e9 d\u2019accompagnement est \u00e9labor\u00e9 au bout de 3 mois apr\u00e8s son entr\u00e9e, prenant en compte ses habitudes de vie, son parcours de vie. Durant ces premiers mois, avant la r\u00e9alisation du projet personnalis\u00e9, des r\u00e9ajustements de&#8230;<\/p>\n<p class=\"continue-reading-button\"> <a class=\"continue-reading-link\" href=\"https:\/\/ehpad-mandelieu.fr\/index.php\/le-projet-de-floribunda\/\">Continue reading<i class=\"crycon-right-dir\"><\/i><\/a><\/p>\n","protected":false},"author":1,"featured_media":0,"parent":0,"menu_order":0,"comment_status":"closed","ping_status":"closed","template":"","meta":{"footnotes":""},"class_list":["post-28","page","type-page","status-publish","hentry"],"_links":{"self":[{"href":"https:\/\/ehpad-mandelieu.fr\/index.php\/wp-json\/wp\/v2\/pages\/28","targetHints":{"allow":["GET"]}}],"collection":[{"href":"https:\/\/ehpad-mandelieu.fr\/index.php\/wp-json\/wp\/v2\/pages"}],"about":[{"href":"https:\/\/ehpad-mandelieu.fr\/index.php\/wp-json\/wp\/v2\/types\/page"}],"author":[{"embeddable":true,"href":"https:\/\/ehpad-mandelieu.fr\/index.php\/wp-json\/wp\/v2\/users\/1"}],"replies":[{"embeddable":true,"href":"https:\/\/ehpad-mandelieu.fr\/index.php\/wp-json\/wp\/v2\/comments?post=28"}],"version-history":[{"count":15,"href":"https:\/\/ehpad-mandelieu.fr\/index.php\/wp-json\/wp\/v2\/pages\/28\/revisions"}],"predecessor-version":[{"id":265,"href":"https:\/\/ehpad-mandelieu.fr\/index.php\/wp-json\/wp\/v2\/pages\/28\/revisions\/265"}],"wp:attachment":[{"href":"https:\/\/ehpad-mandelieu.fr\/index.php\/wp-json\/wp\/v2\/media?parent=28"}],"curies":[{"name":"wp","href":"https:\/\/api.w.org\/{rel}","templated":true}]}}